{"id":43,"date":"2017-03-06T13:56:45","date_gmt":"2017-03-06T13:56:45","guid":{"rendered":"http:\/\/themazine.com\/wp\/charitybox\/?page_id=43"},"modified":"2021-02-17T11:25:52","modified_gmt":"2021-02-17T11:25:52","slug":"blog-one","status":"publish","type":"page","link":"https:\/\/www.crvenikrizbuje.hr\/?page_id=43","title":{"rendered":"NOVOSTI"},"content":{"rendered":"<div class=\"wpb-content-wrapper\"><p>[vc_row][vc_column]  \r\n   \r\n                                                                                                                                                                                                                                                                                                                                                                                                                                                                                                                                                                                                                                                 \r\n<!-- News\/Blog _______________________ -->\r\n<div class=\"our-blog m-fix\">\r\n    <div class=\"container\">\r\n                <div class=\"left-side float-left\">\r\n            \r\n            \t\t\t\t<div class=\"post-large\">\r\n\t\t\t\t\t\t\t\t\t\t\t\t\t<div class=\"img\">\r\n\t\t\t\t\t\t\t\t\t\t\t\t\t\t<img loading=\"lazy\" decoding=\"async\" width=\"500\" height=\"295\" src=\"https:\/\/www.crvenikrizbuje.hr\/wp-content\/uploads\/2026\/01\/thumbnail_Novigrad-16.01.2026-500x295.png\" class=\"attachment-charitybox_500x295 size-charitybox_500x295 wp-post-image\" alt=\"\" \/>\r\n\t\t\t\t\t\t\t\t\t\t\t\t\t\t<a href=\"#\" class=\"tran3s p-color-bg hvr-bounce-to-right\"><\/a>\r\n\t\t\t\t\t\t\t\t\t\t\t\t\t<\/div> <!-- \/.img -->\r\n\t\t\t\t\t\t\t\t\t\t\t\t\t<div class=\"post\">\r\n\t\t\t\t\t\t\t\t\t\t\t\t\t\t<h5><a href=\"https:\/\/www.crvenikrizbuje.hr\/?p=2575\" class=\"tran3s\">PRVA AKCIJA DARIVANJA KRVI U NOVIGRADU &#8211; PETAK 16.01.2026. g.<\/a><\/h5>\r\n\t\t\t\t\t\t\t\t\t\t\t\t\t\t<p>Krv nije mogu\u0107i proizvesti umjetnim putem, mo\u017ee se prikupiti samo preko vas, preko ljudi koji je doniraju. Darivanje krvi nije bolno, ubod izgleda kao i za va\u0111enje krvi za laboratorijske ...<\/p>\r\n\t\t\t\t\t\t\t\t\t\t\t\t\t\t<a href=\"https:\/\/www.crvenikrizbuje.hr\/?p=2575\" class=\"read\">Read Continue <span><\/span><\/a>\r\n\t\t\t\t\t\t\t\t\t\t\t\t\t<\/div>\r\n\t\t\t\t\t\t\t\t\t\t\t\t<\/div>            \t\t\t\t<div class=\"post-large\">\r\n\t\t\t\t\t\t\t\t\t\t\t\t\t<div class=\"img\">\r\n\t\t\t\t\t\t\t\t\t\t\t\t\t\t<img loading=\"lazy\" decoding=\"async\" width=\"500\" height=\"295\" src=\"https:\/\/www.crvenikrizbuje.hr\/wp-content\/uploads\/2023\/01\/Zahvala-500x295.jpg\" class=\"attachment-charitybox_500x295 size-charitybox_500x295 wp-post-image\" alt=\"\" \/>\r\n\t\t\t\t\t\t\t\t\t\t\t\t\t\t<a href=\"#\" class=\"tran3s p-color-bg hvr-bounce-to-right\"><\/a>\r\n\t\t\t\t\t\t\t\t\t\t\t\t\t<\/div> <!-- \/.img -->\r\n\t\t\t\t\t\t\t\t\t\t\t\t\t<div class=\"post\">\r\n\t\t\t\t\t\t\t\t\t\t\t\t\t\t<h5><a href=\"https:\/\/www.crvenikrizbuje.hr\/?p=2415\" class=\"tran3s\">DODJELA PRIZNANJA ZA DARIVATELJE KRVI<\/a><\/h5>\r\n\t\t\t\t\t\t\t\t\t\t\t\t\t\t<p>Ju\u010der 29.12.2022. se u Bujama u Pu\u010dkom otvorenom u\u010dili\u0161tu odr\u017eala sve\u010dana dodjela priznanja za na\u0161e drage darivatelje krvi koji su iz raznih razloga morali prestati darivati krv. U znak zahvale ...<\/p>\r\n\t\t\t\t\t\t\t\t\t\t\t\t\t\t<a href=\"https:\/\/www.crvenikrizbuje.hr\/?p=2415\" class=\"read\">Read Continue <span><\/span><\/a>\r\n\t\t\t\t\t\t\t\t\t\t\t\t\t<\/div>\r\n\t\t\t\t\t\t\t\t\t\t\t\t<\/div>            \t\t\t\t<div class=\"post-large\">\r\n\t\t\t\t\t\t\t\t\t\t\t\t\t<div class=\"img\">\r\n\t\t\t\t\t\t\t\t\t\t\t\t\t\t<img loading=\"lazy\" decoding=\"async\" width=\"500\" height=\"295\" src=\"https:\/\/www.crvenikrizbuje.hr\/wp-content\/uploads\/2022\/05\/logo-500x295.jpg\" class=\"attachment-charitybox_500x295 size-charitybox_500x295 wp-post-image\" alt=\"\" \/>\r\n\t\t\t\t\t\t\t\t\t\t\t\t\t\t<a href=\"#\" class=\"tran3s p-color-bg hvr-bounce-to-right\"><\/a>\r\n\t\t\t\t\t\t\t\t\t\t\t\t\t<\/div> <!-- \/.img -->\r\n\t\t\t\t\t\t\t\t\t\t\t\t\t<div class=\"post\">\r\n\t\t\t\t\t\t\t\t\t\t\t\t\t\t<h5><a href=\"https:\/\/www.crvenikrizbuje.hr\/?p=2339\" class=\"tran3s\">ZA\u0160TITIMO SE OD VRU\u0106INE<\/a><\/h5>\r\n\t\t\t\t\t\t\t\t\t\t\t\t\t\t<p>Preporu\u010dene mjere za\u0161tite zdravlja za osobe starije dobi pri izlaganju visokim temperaturama zraka iznad 30\u00b0C, a osobito za osobe oboljele od kardiovaskularnih i drugih kroni\u010dnih bolesti su:&#x2757; Osobe starije dobi ...<\/p>\r\n\t\t\t\t\t\t\t\t\t\t\t\t\t\t<a href=\"https:\/\/www.crvenikrizbuje.hr\/?p=2339\" class=\"read\">Read Continue <span><\/span><\/a>\r\n\t\t\t\t\t\t\t\t\t\t\t\t\t<\/div>\r\n\t\t\t\t\t\t\t\t\t\t\t\t<\/div>            \t\t\t\t<div class=\"post-large\">\r\n\t\t\t\t\t\t\t\t\t\t\t\t\t<div class=\"img\">\r\n\t\t\t\t\t\t\t\t\t\t\t\t\t\t<img loading=\"lazy\" decoding=\"async\" width=\"500\" height=\"295\" src=\"https:\/\/www.crvenikrizbuje.hr\/wp-content\/uploads\/2022\/06\/RAVN-500x295.jpg\" class=\"attachment-charitybox_500x295 size-charitybox_500x295 wp-post-image\" alt=\"\" \/>\r\n\t\t\t\t\t\t\t\t\t\t\t\t\t\t<a href=\"#\" class=\"tran3s p-color-bg hvr-bounce-to-right\"><\/a>\r\n\t\t\t\t\t\t\t\t\t\t\t\t\t<\/div> <!-- \/.img -->\r\n\t\t\t\t\t\t\t\t\t\t\t\t\t<div class=\"post\">\r\n\t\t\t\t\t\t\t\t\t\t\t\t\t\t<h5><a href=\"https:\/\/www.crvenikrizbuje.hr\/?p=2281\" class=\"tran3s\">POSJET KOLEGA<\/a><\/h5>\r\n\t\t\t\t\t\t\t\t\t\t\t\t\t\t<p>Posjetili su nas ravnatelji Krapinsko-zagorske i Karlova\u010dke \u017eupanije. Bila je to prilika da se razmjene iskustva i upozna sa radom Crvenog kri\u017ea Buj\u0161tine. Kolege ravnatelji posjetili su zgrade Crvenog kri\u017ea ...<\/p>\r\n\t\t\t\t\t\t\t\t\t\t\t\t\t\t<a href=\"https:\/\/www.crvenikrizbuje.hr\/?p=2281\" class=\"read\">Read Continue <span><\/span><\/a>\r\n\t\t\t\t\t\t\t\t\t\t\t\t\t<\/div>\r\n\t\t\t\t\t\t\t\t\t\t\t\t<\/div>                        \r\n        <\/div>\r\n\r\n        <div class=\"right-side float-left\">\r\n        \r\n        \t\t\t\t\t<div class=\"post-small clear-fix\">\r\n\t\t\t\t\t\t\t\t\t\t\t\t\t<div class=\"img float-left\">\r\n\t\t\t\t\t\t\t\t\t\t\t\t\t\t<img loading=\"lazy\" decoding=\"async\" width=\"206\" height=\"170\" src=\"https:\/\/www.crvenikrizbuje.hr\/wp-content\/uploads\/2026\/01\/daruj-krv-spasi-zivot-e1767788242643-206x170.jpg\" class=\"attachment-charitybox_206x170 size-charitybox_206x170 wp-post-image\" alt=\"\" \/>\r\n\t\t\t\t\t\t\t\t\t\t\t\t\t\t<a href=\"#\" class=\"tran3s p-color-bg hvr-bounce-to-right\"><\/a>\r\n\t\t\t\t\t\t\t\t\t\t\t\t\t<\/div> <!-- \/.img -->\r\n\t\t\t\t\t\t\t\t\t\t\t\t\t<div class=\"post float-left\">\r\n\t\t\t\t\t\t\t\t\t\t\t\t\t\t<h6><a href=\"https:\/\/www.crvenikrizbuje.hr\/?p=2567\" class=\"tran3s\">OBJAVLJEN KALENDAR AKCIJA DARIVANJA KRVI ZA 2026. GODINU ZA PODRU\u010cJE BUJ\u0160TINE<\/a><\/h6>\r\n\t\t\t\t\t\t\t\t\t\t\t\t\t\t<p>Objavljujemo kalendar akcija darivanja krvi za 2026. godinu. Pozivamo sve gra\u0111ane da se odazovu i daruju krv, \u010dime izravno spa\u0161avaju \u017eivote. Darivanje krvi je jednostavan, siguran i human \u010din \u2013 ...<\/p>\r\n\t\t\t\t\t\t\t\t\t\t\t\t\t<\/div>\r\n\t\t\t\t\t\t\t\t\t\t\t\t<\/div>            \t\t\t\t<div class=\"post-small clear-fix\">\r\n\t\t\t\t\t\t\t\t\t\t\t\t\t<div class=\"img float-left\">\r\n\t\t\t\t\t\t\t\t\t\t\t\t\t\t<img loading=\"lazy\" decoding=\"async\" width=\"206\" height=\"170\" src=\"https:\/\/www.crvenikrizbuje.hr\/wp-content\/uploads\/2025\/06\/488037459_1074277368059872_7491769574783575137_n-206x170.jpg\" class=\"attachment-charitybox_206x170 size-charitybox_206x170 wp-post-image\" alt=\"\" \/>\r\n\t\t\t\t\t\t\t\t\t\t\t\t\t\t<a href=\"#\" class=\"tran3s p-color-bg hvr-bounce-to-right\"><\/a>\r\n\t\t\t\t\t\t\t\t\t\t\t\t\t<\/div> <!-- \/.img -->\r\n\t\t\t\t\t\t\t\t\t\t\t\t\t<div class=\"post float-left\">\r\n\t\t\t\t\t\t\t\t\t\t\t\t\t\t<h6><a href=\"https:\/\/www.crvenikrizbuje.hr\/?p=2434\" class=\"tran3s\">NABAVLJENO NOVO SLU\u017dBENO VOZILO U OKVIRU PROJEKTA &#8220;INFRASTRUKTURNO OPREMANJE U LANCU DONIRANJA HRANE NA BUJ\u0160TINI 2&#8221;<\/a><\/h6>\r\n\t\t\t\t\t\t\t\t\t\t\t\t\t\t<p>U sklopu provedbe projekta \u201eInfrastrukturno opremanje posrednika u lancu doniranja hrane na Buj\u0161tini 2.&#8221; Crvenog kri\u017ea Buj\u0161tine NPOO.C1.5.R4-I1.02.0028 financiranog iz Nacionalnog plana oporavka i otpornosti 2021.-2026.- NextGenerationEU nabavljano je novo ...<\/p>\r\n\t\t\t\t\t\t\t\t\t\t\t\t\t<\/div>\r\n\t\t\t\t\t\t\t\t\t\t\t\t<\/div>            \t\t\t\t<div class=\"post-small clear-fix\">\r\n\t\t\t\t\t\t\t\t\t\t\t\t\t<div class=\"img float-left\">\r\n\t\t\t\t\t\t\t\t\t\t\t\t\t\t<img loading=\"lazy\" decoding=\"async\" width=\"206\" height=\"170\" src=\"https:\/\/www.crvenikrizbuje.hr\/wp-content\/uploads\/2022\/12\/459319783_18041747561000960_7583660005687380740_n-206x170.jpg\" class=\"attachment-charitybox_206x170 size-charitybox_206x170 wp-post-image\" alt=\"\" \/>\r\n\t\t\t\t\t\t\t\t\t\t\t\t\t\t<a href=\"#\" class=\"tran3s p-color-bg hvr-bounce-to-right\"><\/a>\r\n\t\t\t\t\t\t\t\t\t\t\t\t\t<\/div> <!-- \/.img -->\r\n\t\t\t\t\t\t\t\t\t\t\t\t\t<div class=\"post float-left\">\r\n\t\t\t\t\t\t\t\t\t\t\t\t\t\t<h6><a href=\"https:\/\/www.crvenikrizbuje.hr\/?p=2429\" class=\"tran3s\">CRVENI KRI\u017d BUJ\u0160TINE POTPISAO NOVI UGOVOR U SVRHU SMANJENJA OTPADA OD HRANE<\/a><\/h6>\r\n\t\t\t\t\t\t\t\t\t\t\t\t\t\t<p>Dana 10.09.2024. godine je u Zagrebu, Hotelu Westin odr\u017eana dodjela ugovora o bespovratnim sredstvima za infrastrukturno opremanje posrednika u lancu doniranja hrane i banke hrane. Ugovore je dodijelio dr\u017eavni tajnik ...<\/p>\r\n\t\t\t\t\t\t\t\t\t\t\t\t\t<\/div>\r\n\t\t\t\t\t\t\t\t\t\t\t\t<\/div>            \t\t\t\t<div class=\"post-small clear-fix\">\r\n\t\t\t\t\t\t\t\t\t\t\t\t\t<div class=\"img float-left\">\r\n\t\t\t\t\t\t\t\t\t\t\t\t\t\t<img loading=\"lazy\" decoding=\"async\" width=\"206\" height=\"170\" src=\"https:\/\/www.crvenikrizbuje.hr\/wp-content\/uploads\/2022\/08\/sp-206x170.jpg\" class=\"attachment-charitybox_206x170 size-charitybox_206x170 wp-post-image\" alt=\"\" \/>\r\n\t\t\t\t\t\t\t\t\t\t\t\t\t\t<a href=\"#\" class=\"tran3s p-color-bg hvr-bounce-to-right\"><\/a>\r\n\t\t\t\t\t\t\t\t\t\t\t\t\t<\/div> <!-- \/.img -->\r\n\t\t\t\t\t\t\t\t\t\t\t\t\t<div class=\"post float-left\">\r\n\t\t\t\t\t\t\t\t\t\t\t\t\t\t<h6><a href=\"https:\/\/www.crvenikrizbuje.hr\/?p=2356\" class=\"tran3s\">OTVORENE PRIJAVE ZA \u0160KOLU PLIVANJA<\/a><\/h6>\r\n\t\t\t\t\t\t\t\t\t\t\t\t\t\t<p>Crveni Kri\u017e Buj\u0161tine &#8211; Croce Rossa del Buiese i na\u0161a partnerska Udruga Pru\u017eam ti ruku Umag i ove godine provode program \u0161kole plivanja za djecu sa TUR-om sa podru\u010dja Buj\u0161tine!! ...<\/p>\r\n\t\t\t\t\t\t\t\t\t\t\t\t\t<\/div>\r\n\t\t\t\t\t\t\t\t\t\t\t\t<\/div>            \t\t\t\t<div class=\"post-small clear-fix\">\r\n\t\t\t\t\t\t\t\t\t\t\t\t\t<div class=\"img float-left\">\r\n\t\t\t\t\t\t\t\t\t\t\t\t\t\t<img loading=\"lazy\" decoding=\"async\" width=\"206\" height=\"170\" src=\"https:\/\/www.crvenikrizbuje.hr\/wp-content\/uploads\/2022\/07\/UTAP-206x170.jpg\" class=\"attachment-charitybox_206x170 size-charitybox_206x170 wp-post-image\" alt=\"\" \/>\r\n\t\t\t\t\t\t\t\t\t\t\t\t\t\t<a href=\"#\" class=\"tran3s p-color-bg hvr-bounce-to-right\"><\/a>\r\n\t\t\t\t\t\t\t\t\t\t\t\t\t<\/div> <!-- \/.img -->\r\n\t\t\t\t\t\t\t\t\t\t\t\t\t<div class=\"post float-left\">\r\n\t\t\t\t\t\t\t\t\t\t\t\t\t\t<h6><a href=\"https:\/\/www.crvenikrizbuje.hr\/?p=2348\" class=\"tran3s\">ME\u0110UNARODNI DAN PREVENCIJE UTAPANJA<\/a><\/h6>\r\n\t\t\t\t\t\t\t\t\t\t\t\t\t\t<p>SVJETSKI DAN PREVENCIJE UTAPANJA &#8211; 25.07.2022. Ove \u0107e se godine 25. srpnja diljem svijeta obilje\u017eava se drugi po redu Svjetski dan prevencije utapanja. Obilje\u017eava ga i Hrvatski Crveni kri\u017e, organizacija ...<\/p>\r\n\t\t\t\t\t\t\t\t\t\t\t\t\t<\/div>\r\n\t\t\t\t\t\t\t\t\t\t\t\t<\/div>            \t\t\t\t<div class=\"post-small clear-fix\">\r\n\t\t\t\t\t\t\t\t\t\t\t\t\t<div class=\"img float-left\">\r\n\t\t\t\t\t\t\t\t\t\t\t\t\t\t<img loading=\"lazy\" decoding=\"async\" width=\"206\" height=\"170\" src=\"https:\/\/www.crvenikrizbuje.hr\/wp-content\/uploads\/2022\/05\/logo-206x170.jpg\" class=\"attachment-charitybox_206x170 size-charitybox_206x170 wp-post-image\" alt=\"\" \/>\r\n\t\t\t\t\t\t\t\t\t\t\t\t\t\t<a href=\"#\" class=\"tran3s p-color-bg hvr-bounce-to-right\"><\/a>\r\n\t\t\t\t\t\t\t\t\t\t\t\t\t<\/div> <!-- \/.img -->\r\n\t\t\t\t\t\t\t\t\t\t\t\t\t<div class=\"post float-left\">\r\n\t\t\t\t\t\t\t\t\t\t\t\t\t\t<h6><a href=\"https:\/\/www.crvenikrizbuje.hr\/?p=2352\" class=\"tran3s\">KODOVI SIGURNOSTI NA VODI<\/a><\/h6>\r\n\t\t\t\t\t\t\t\t\t\t\t\t\t\t<p>Iako mislimo da znamo kako sprije\u010diti nesre\u0107e jer \u017eivimo na moru, one se svejedno svakodnevno doga\u0111aju. Hrvatski Crveni kri\u017e ve\u0107 dugi niz godina provodi radionice Kodova sigurnosni na vodi u ...<\/p>\r\n\t\t\t\t\t\t\t\t\t\t\t\t\t<\/div>\r\n\t\t\t\t\t\t\t\t\t\t\t\t<\/div>            \t\t\t\t<div class=\"post-small clear-fix\">\r\n\t\t\t\t\t\t\t\t\t\t\t\t\t<div class=\"img float-left\">\r\n\t\t\t\t\t\t\t\t\t\t\t\t\t\t<img loading=\"lazy\" decoding=\"async\" width=\"206\" height=\"170\" src=\"https:\/\/www.crvenikrizbuje.hr\/wp-content\/uploads\/2022\/06\/DDK-206x170.jpg\" class=\"attachment-charitybox_206x170 size-charitybox_206x170 wp-post-image\" alt=\"\" \/>\r\n\t\t\t\t\t\t\t\t\t\t\t\t\t\t<a href=\"#\" class=\"tran3s p-color-bg hvr-bounce-to-right\"><\/a>\r\n\t\t\t\t\t\t\t\t\t\t\t\t\t<\/div> <!-- \/.img -->\r\n\t\t\t\t\t\t\t\t\t\t\t\t\t<div class=\"post float-left\">\r\n\t\t\t\t\t\t\t\t\t\t\t\t\t\t<h6><a href=\"https:\/\/www.crvenikrizbuje.hr\/?p=2319\" class=\"tran3s\">OBILJE\u017dAVANJE SVJETSKOG DANA DARIVATELJA KRVI<\/a><\/h6>\r\n\t\t\t\t\t\t\t\t\t\t\t\t\t\t<p>14. lipanj SVJETSKI DAN DARIVATELJA KRVI Ovo je prilika kad se iskazuje zahvalnost dobrovoljnim, nepla\u0107enim davateljima krvi za sve darovane doze krvi kao i za podizanje svijesti o potrebi redovitog ...<\/p>\r\n\t\t\t\t\t\t\t\t\t\t\t\t\t<\/div>\r\n\t\t\t\t\t\t\t\t\t\t\t\t<\/div>            \t\t\t\t<div class=\"post-small clear-fix\">\r\n\t\t\t\t\t\t\t\t\t\t\t\t\t<div class=\"img float-left\">\r\n\t\t\t\t\t\t\t\t\t\t\t\t\t\t<img loading=\"lazy\" decoding=\"async\" width=\"206\" height=\"170\" src=\"https:\/\/www.crvenikrizbuje.hr\/wp-content\/uploads\/2022\/06\/eko9-206x170.jpg\" class=\"attachment-charitybox_206x170 size-charitybox_206x170 wp-post-image\" alt=\"\" \/>\r\n\t\t\t\t\t\t\t\t\t\t\t\t\t\t<a href=\"#\" class=\"tran3s p-color-bg hvr-bounce-to-right\"><\/a>\r\n\t\t\t\t\t\t\t\t\t\t\t\t\t<\/div> <!-- \/.img -->\r\n\t\t\t\t\t\t\t\t\t\t\t\t\t<div class=\"post float-left\">\r\n\t\t\t\t\t\t\t\t\t\t\t\t\t\t<h6><a href=\"https:\/\/www.crvenikrizbuje.hr\/?p=2303\" class=\"tran3s\">\u010ci\u0161\u0107enje bez granica \u2013 VII. Me\u0111unarodna dje\u010dja ronila\u010dka eko patrola<\/a><\/h6>\r\n\t\t\t\t\t\t\t\t\t\t\t\t\t\t<p>Ve\u0107 sedmu godinu za redom, od 10. do 12.lipnja, odr\u017eala se eko patrola \u010ci\u0161\u0107enje bez granica \u2013VII. Me\u0111unarodna dje\u010dja ronila\u010dka eko patrola, a kojoj su se ove godine pridru\u017eila i ...<\/p>\r\n\t\t\t\t\t\t\t\t\t\t\t\t\t<\/div>\r\n\t\t\t\t\t\t\t\t\t\t\t\t<\/div>            \t\t\t\t<div class=\"post-small clear-fix\">\r\n\t\t\t\t\t\t\t\t\t\t\t\t\t<div class=\"img float-left\">\r\n\t\t\t\t\t\t\t\t\t\t\t\t\t\t<img loading=\"lazy\" decoding=\"async\" width=\"206\" height=\"170\" src=\"https:\/\/www.crvenikrizbuje.hr\/wp-content\/uploads\/2022\/06\/s11-206x170.jpg\" class=\"attachment-charitybox_206x170 size-charitybox_206x170 wp-post-image\" alt=\"\" \/>\r\n\t\t\t\t\t\t\t\t\t\t\t\t\t\t<a href=\"#\" class=\"tran3s p-color-bg hvr-bounce-to-right\"><\/a>\r\n\t\t\t\t\t\t\t\t\t\t\t\t\t<\/div> <!-- \/.img -->\r\n\t\t\t\t\t\t\t\t\t\t\t\t\t<div class=\"post float-left\">\r\n\t\t\t\t\t\t\t\t\t\t\t\t\t\t<h6><a href=\"https:\/\/www.crvenikrizbuje.hr\/?p=2286\" class=\"tran3s\">PRVA POMO\u0106 NA SEA STAR FESTIVALU<\/a><\/h6>\r\n\t\t\t\t\t\t\t\t\t\t\t\t\t\t<p>Timovi prve pomo\u0107i Crvenog kri\u017ea Buje, Crvenog kri\u017ea Osijek i Crvenog kri\u017ea Koper, osigurali su i ovogodi\u0161nji Sea star festival u Umagu !! 25 volontera de\u017euralo je kao timovi prve ...<\/p>\r\n\t\t\t\t\t\t\t\t\t\t\t\t\t<\/div>\r\n\t\t\t\t\t\t\t\t\t\t\t\t<\/div>                    \r\n        <\/div>\r\n    <\/div>\r\n<\/div>\r\n\r\n[\/vc_column][\/vc_row]<\/p>\n<\/div>","protected":false},"excerpt":{"rendered":"<p>[vc_row][vc_column][\/vc_column][\/vc_row]<\/p>\n","protected":false},"author":1,"featured_media":0,"parent":0,"menu_order":0,"comment_status":"closed","ping_status":"closed","template":"","meta":{"_monsterinsights_skip_tracking":false,"_monsterinsights_sitenote_active":false,"_monsterinsights_sitenote_note":"","_monsterinsights_sitenote_category":0,"footnotes":""},"class_list":["post-43","page","type-page","status-publish","hentry"],"_links":{"self":[{"href":"https:\/\/www.crvenikrizbuje.hr\/index.php?rest_route=\/wp\/v2\/pages\/43","targetHints":{"allow":["GET"]}}],"collection":[{"href":"https:\/\/www.crvenikrizbuje.hr\/index.php?rest_route=\/wp\/v2\/pages"}],"about":[{"href":"https:\/\/www.crvenikrizbuje.hr\/index.php?rest_route=\/wp\/v2\/types\/page"}],"author":[{"embeddable":true,"href":"https:\/\/www.crvenikrizbuje.hr\/index.php?rest_route=\/wp\/v2\/users\/1"}],"replies":[{"embeddable":true,"href":"https:\/\/www.crvenikrizbuje.hr\/index.php?rest_route=%2Fwp%2Fv2%2Fcomments&post=43"}],"version-history":[{"count":0,"href":"https:\/\/www.crvenikrizbuje.hr\/index.php?rest_route=\/wp\/v2\/pages\/43\/revisions"}],"wp:attachment":[{"href":"https:\/\/www.crvenikrizbuje.hr\/index.php?rest_route=%2Fwp%2Fv2%2Fmedia&parent=43"}],"curies":[{"name":"wp","href":"https:\/\/api.w.org\/{rel}","templated":true}]}}