{"id":503,"date":"2020-02-13T11:56:46","date_gmt":"2020-02-13T11:56:46","guid":{"rendered":"http:\/\/www.crvenikrizbuje.hr\/?page_id=503"},"modified":"2025-01-27T13:47:19","modified_gmt":"2025-01-27T13:47:19","slug":"opcenito","status":"publish","type":"page","link":"https:\/\/www.crvenikrizbuje.hr\/?page_id=503","title":{"rendered":"Op\u0107enito"},"content":{"rendered":"<div class=\"wpb-content-wrapper\"><p>[vc_row][vc_column][vc_column_text]<\/p>\n<p><strong><span style=\"vertical-align: inherit;\"><span style=\"vertical-align: inherit;\">Gradsko dru\u0161tvo Crvenog kri\u017ea Buje je organizacija za promicanje humanitarnih ciljeva i provo\u0111enje akcije od op\u0107e koristi, koja djeluje na temelju misije i na\u010dela Me\u0111unarodnog pokreta Crvenog kri\u017ea i Crvenog polumjeseca i u\u017eiva posebnu za\u0161titu i skrb Republike Hrvatske.<\/span><\/span><\/strong><\/p>\n\n<p><strong><span style=\"vertical-align: inherit;\"><span style=\"vertical-align: inherit;\">Organizacija djeluje na podru\u010dju Istarske \u017eupanije, te pokriva podru\u010dje gradova Umag, Buje, Novigrad i op\u0107ina: Brtonigla, Gro\u017enjan i Oprtalj. <\/span><\/span><\/strong> <strong><span style=\"vertical-align: inherit;\"><span style=\"vertical-align: inherit;\">Ukupno je to povr\u0161ina od 374 km\u00b2 gdje prema zadnjim podacima \u017eivi oko 25.000 <\/span><\/span><\/strong> <strong><span style=\"vertical-align: inherit;\"><span style=\"vertical-align: inherit;\">stanovnika.<\/span><\/span><\/strong><\/p>\n\n<p><strong><em><span style=\"vertical-align: inherit;\"><span style=\"vertical-align: inherit;\">Prostorije dru\u0161tva nalaze se u Umagu, na adresi Polezine 9, u Bujama na adresi 1. Svibnja 9 i u Novigradu na adresi Domovinskih \u017ertava 1.<\/span><\/span><\/em><\/strong><\/p>\n\n<p><strong><span style=\"vertical-align: inherit;\"><span style=\"vertical-align: inherit;\">Podru\u010dje sjevernije od grada Buja iznimno je rijetko naseljeno, dok je pojas uz more vrlo gusto naseljen. Podru\u010dje djelovanja GDCK Buje iznimno je specifi\u010dno u odnosu na druga dru\u0161tva Crvenog kri\u017ea u okru\u017eenju\u00a0 obzirom da osim svoga sjedi\u0161ta koje se nalazi u Bujama svoje djelovanje kroz sve djelatnosti obavlja i na podru\u010dju gradova Umag i Novigrad. <\/span><\/span><\/strong> <strong><span style=\"vertical-align: inherit;\"><span style=\"vertical-align: inherit;\">U sva tri grada GDCK Buje djeluje u zgradama Crvenog kri\u017ea koje su gradovi dali na kori\u0161tenje.<\/span><\/span><\/strong><\/p>\n\n<p><strong><span style=\"vertical-align: inherit;\"><span style=\"vertical-align: inherit;\">GDCK Buje provodi djelatnosti koje proizlaze iz \u017denevskih konvencija i Dopunskih protokola, Statuta Me\u0111unarodnog pokreta Crvenog kri\u017ea i Crvenog polumjeseca i zaklju\u010daka me\u0111unarodnih konferencija Crvenog kri\u017ea i Crvenog polumjeseca prenijetih na nacionalna dru\u0161tva Crvenog kri\u017ea.<\/span><\/span><\/strong><\/p>\n\n\n<div class=\"wp-block-image\">\n<figure class=\"aligncenter size-large\"><img loading=\"lazy\" decoding=\"async\" width=\"1024\" height=\"600\" class=\"wp-image-758\" src=\"http:\/\/www.crvenikrizbuje.hr\/wp-content\/uploads\/2020\/02\/Henry-Dunant-1.png\" alt=\"\" srcset=\"https:\/\/www.crvenikrizbuje.hr\/wp-content\/uploads\/2020\/02\/Henry-Dunant-1.png 1024w, https:\/\/www.crvenikrizbuje.hr\/wp-content\/uploads\/2020\/02\/Henry-Dunant-1-300x176.png 300w, https:\/\/www.crvenikrizbuje.hr\/wp-content\/uploads\/2020\/02\/Henry-Dunant-1-768x450.png 768w\" sizes=\"auto, (max-width: 1024px) 100vw, 1024px\" \/><\/figure>\n<\/div>\n\n<p><strong><span style=\"vertical-align: inherit;\"><span style=\"vertical-align: inherit;\">Organizacija obavlja javnu vlast i poslove utvr\u0111ene Zakonom o Hrvatskom Crvenom kri\u017eu, Statutom Hrvatskog Crvenog kri\u017ea i drugim va\u017enim propisima iz kojih proizlaze osnovne djelatnosti i to:<\/span><\/span><\/strong><\/p>\n\n\n<ul class=\"wp-block-list\">\n<li><strong><span style=\"vertical-align: inherit;\"><span style=\"vertical-align: inherit;\">Slu\u017eba tra\u017eenja<\/span><\/span><\/strong><\/li>\n<li><strong><span style=\"vertical-align: inherit;\"><span style=\"vertical-align: inherit;\">Prva pomo\u0107<\/span><\/span><\/strong><\/li>\n<li><strong><span style=\"vertical-align: inherit;\"><span style=\"vertical-align: inherit;\">Dobrovoljno darivanje krvi<\/span><\/span><\/strong><\/li>\n<li><strong><span style=\"vertical-align: inherit;\"><span style=\"vertical-align: inherit;\">Mladi i Volonteri<\/span><\/span><\/strong><\/li>\n<li><strong><span style=\"vertical-align: inherit;\"><span style=\"vertical-align: inherit;\">Za\u0161tita i promicanje zdravlja<\/span><\/span><\/strong><\/li>\n<li><strong><span style=\"vertical-align: inherit;\"><span style=\"vertical-align: inherit;\">Socijalna skrb<\/span><\/span><\/strong><\/li>\n<li><strong><span style=\"vertical-align: inherit;\"><span style=\"vertical-align: inherit;\">Priprema i odgovor na krize<\/span><\/span><\/strong><\/li>\n<li><strong><span style=\"vertical-align: inherit;\"><span style=\"vertical-align: inherit;\">Spa\u0161avanje \u017eivota na vodi i ekolo\u0161ka za\u0161tita<\/span><\/span><\/strong><\/li>\n<li><strong><span style=\"vertical-align: inherit;\"><span style=\"vertical-align: inherit;\">Azil i migracije<\/span><\/span><\/strong><\/li>\n<\/ul>\n\n\n\n<h2 class=\"wp-block-heading\"><span style=\"vertical-align: inherit;\"><span style=\"vertical-align: inherit;\">ZAJEDNI\u010cKE AKCIJE HRVATSKOG CRVENOG KRI\u017dA<\/span><\/span><\/h2>\n\n\n<ul class=\"wp-block-list\">\n<li><strong>Svjetski dan Crvenog kri\u017ea i Crvenog polumjeseca \u2013 08. svibnja,<\/strong><\/li>\n<li><strong>Tjedan Crvenog kri\u017ea \u2013 od do 15. svibnja,<\/strong><\/li>\n<li><strong>Svjetski dan prevencije utapanja \u2013 srpnja,<\/strong><\/li>\n<li><strong>Svjetski dan prve pomo\u0107i \u2013 13. rujna (druga subota u rujnu),<\/strong><\/li>\n<li><strong>Sabirna akcija \u201cSolidarnost na djelu\u201d \u2013 9. listopada,<\/strong><\/li>\n<li><strong>Dan dobrovoljnih davatelja krvi \u2013 25. listopada,<\/strong><\/li>\n<li><strong>Tjedan solidarnosti \u2013 od 08. do 15. prosinca,<\/strong><\/li>\n<li><strong>Mjesec borbe protiv alkoholizma, nikotinizma i ovisnosti o drogama \u2013 od 15. studenoga do 15. prosinca<\/strong><\/li>\n<li><strong>Me\u0111unarodni dan civilne za\u0161tite i Dan civilne za\u0161tite Republike Hrvatske\u00a0<\/strong><\/li>\n<li><strong>Svjetski dan tuberkuloze -24. o\u017eujka,<\/strong><\/li>\n<li><strong>Svjetski dan zdravlja \u2013 7. travnja,<\/strong><\/li>\n<li><strong>Dan planeta Zemlje \u2013 22. travnja,<\/strong><\/li>\n<li><strong>Svjetski dan darivatelja krvi \u2013 18. lipnja,<\/strong><\/li>\n<li><strong>Svjetski dan izbjeglica \u2013 20. lipnja,<\/strong><\/li>\n<li><strong>Svjetski dan borbe protiv zlouporabe droga \u2013 26.lipnja,<\/strong><\/li>\n<li><strong>Me\u0111unarodni dan mladih \u2013 12. kolovoza,<\/strong><\/li>\n<li><strong>Svjetski dan humanosti \u2013 19. kolovoza,<\/strong><\/li>\n<li><strong>Me\u0111unarodni dan nestalih osoba \u2013 30. kolovoza,<\/strong><\/li>\n<li><strong>Me\u0111unarodni dan starijih osoba \u2013 01 listopada,<\/strong><\/li>\n<li><strong>Svjetski dan smanjenja rizika od katastrofa \u2013 13. listopada,<\/strong><\/li>\n<li><strong>Europski dan suzbijanja trgovanja ljudima \u2013 18. listopada,<\/strong><\/li>\n<li><strong>Svjetski dan borbe protiv AIDS-a \u2013 01. prosinca,<\/strong><\/li>\n<li><strong>Me\u0111unarodni dan volontera \u2013 05. prosinca,<\/strong><\/li>\n<li><strong>Me\u0111unarodni dan ljudskih prava \u2013 10. prosinca,<\/strong><\/li>\n<li><strong>Me\u0111unarodni dan migranata \u2013 18. prosinca<\/strong><\/li>\n<\/ul>\n<p>&nbsp;<\/p>\n\n<p>&nbsp;<\/p>\n<p>[\/vc_column_text][\/vc_column][\/vc_row]<\/p>\n<\/div>","protected":false},"excerpt":{"rendered":"<p>[vc_row][vc_column][vc_column_text] Gradsko dru\u0161tvo Crvenog kri\u017ea Buje je organizacija za promicanje humanitarnih ciljeva i provo\u0111enje akcije od op\u0107e koristi, koja djeluje na temelju misije i na\u010dela Me\u0111unarodnog pokreta Crvenog kri\u017ea i<\/p>\n","protected":false},"author":1,"featured_media":0,"parent":0,"menu_order":0,"comment_status":"closed","ping_status":"closed","template":"","meta":{"_monsterinsights_skip_tracking":false,"_monsterinsights_sitenote_active":false,"_monsterinsights_sitenote_note":"","_monsterinsights_sitenote_category":0,"footnotes":""},"class_list":["post-503","page","type-page","status-publish","hentry"],"_links":{"self":[{"href":"https:\/\/www.crvenikrizbuje.hr\/index.php?rest_route=\/wp\/v2\/pages\/503","targetHints":{"allow":["GET"]}}],"collection":[{"href":"https:\/\/www.crvenikrizbuje.hr\/index.php?rest_route=\/wp\/v2\/pages"}],"about":[{"href":"https:\/\/www.crvenikrizbuje.hr\/index.php?rest_route=\/wp\/v2\/types\/page"}],"author":[{"embeddable":true,"href":"https:\/\/www.crvenikrizbuje.hr\/index.php?rest_route=\/wp\/v2\/users\/1"}],"replies":[{"embeddable":true,"href":"https:\/\/www.crvenikrizbuje.hr\/index.php?rest_route=%2Fwp%2Fv2%2Fcomments&post=503"}],"version-history":[{"count":1,"href":"https:\/\/www.crvenikrizbuje.hr\/index.php?rest_route=\/wp\/v2\/pages\/503\/revisions"}],"predecessor-version":[{"id":2499,"href":"https:\/\/www.crvenikrizbuje.hr\/index.php?rest_route=\/wp\/v2\/pages\/503\/revisions\/2499"}],"wp:attachment":[{"href":"https:\/\/www.crvenikrizbuje.hr\/index.php?rest_route=%2Fwp%2Fv2%2Fmedia&parent=503"}],"curies":[{"name":"wp","href":"https:\/\/api.w.org\/{rel}","templated":true}]}}